{"id":19756,"date":"2023-10-09T09:46:29","date_gmt":"2023-10-09T13:46:29","guid":{"rendered":"https:\/\/www.loreillemusclee.com\/?page_id=19756"},"modified":"2026-04-05T14:32:04","modified_gmt":"2026-04-05T18:32:04","slug":"blog","status":"publish","type":"page","link":"https:\/\/www.loreillemusclee.com\/en\/blog\/","title":{"rendered":"Blog"},"content":{"rendered":"<p>[et_pb_section fb_built=\u00a0\u00bb1&Prime; fullwidth=\u00a0\u00bbon\u00a0\u00bb _builder_version=\u00a0\u00bb4.22.2&Prime; _module_preset=\u00a0\u00bbdefault\u00a0\u00bb global_colors_info=\u00a0\u00bb{}\u00a0\u00bb][et_pb_fullwidth_header button_one_text=\u00a0\u00bbAbonne-toi \u00e0 notre Infolettre\u00a0\u00bb button_one_url=\u00a0\u00bbhttps:\/\/app.cyberimpact.com\/clients\/10500\/subscribe-forms\/0EA763EE-A9E6-41FC-A9C0-B46A26C51C4B\u00a0\u00bb admin_label=\u00a0\u00bbbouton abonne-toi \u00e0 l&rsquo;infolettre\u00a0\u00bb _builder_version=\u00a0\u00bb4.22.2&Prime; _module_preset=\u00a0\u00bbdefault\u00a0\u00bb subhead_font_size=\u00a0\u00bb20px\u00a0\u00bb background_color=\u00a0\u00bb#f15a22&Prime; custom_button_one=\u00a0\u00bbon\u00a0\u00bb link_option_url_new_window=\u00a0\u00bbon\u00a0\u00bb global_colors_info=\u00a0\u00bb{}\u00a0\u00bb][\/et_pb_fullwidth_header][\/et_pb_section][et_pb_section fb_built=\u00a0\u00bb1&Prime; _builder_version=\u00a0\u00bb4.22.2&Prime; _module_preset=\u00a0\u00bbdefault\u00a0\u00bb global_colors_info=\u00a0\u00bb{}\u00a0\u00bb][et_pb_row _builder_version=\u00a0\u00bb4.22.2&Prime; _module_preset=\u00a0\u00bbdefault\u00a0\u00bb global_colors_info=\u00a0\u00bb{}\u00a0\u00bb][et_pb_column type=\u00a0\u00bb4_4&Prime; _builder_version=\u00a0\u00bb4.22.2&Prime; _module_preset=\u00a0\u00bbdefault\u00a0\u00bb global_colors_info=\u00a0\u00bb{}\u00a0\u00bb][et_pb_divider show_divider=\u00a0\u00bboff\u00a0\u00bb _builder_version=\u00a0\u00bb4.27.5&Prime; _module_preset=\u00a0\u00bbdefault\u00a0\u00bb global_colors_info=\u00a0\u00bb{}\u00a0\u00bb][\/et_pb_divider][et_pb_text admin_label=\u00a0\u00bbtitre Nouvelle\u00a0\u00bb _builder_version=\u00a0\u00bb4.27.4&Prime; _module_preset=\u00a0\u00bbdefault\u00a0\u00bb global_colors_info=\u00a0\u00bb{}\u00a0\u00bb]<\/p>\n<h1 style=\"text-align: center;\">Nouvelles<\/h1>\n<p>[\/et_pb_text][\/et_pb_column][\/et_pb_row][et_pb_row _builder_version=\u00a0\u00bb4.27.5&Prime; _module_preset=\u00a0\u00bbdefault\u00a0\u00bb global_colors_info=\u00a0\u00bb{}\u00a0\u00bb][et_pb_column type=\u00a0\u00bb4_4&Prime; _builder_version=\u00a0\u00bb4.27.5&Prime; _module_preset=\u00a0\u00bbdefault\u00a0\u00bb global_colors_info=\u00a0\u00bb{}\u00a0\u00bb][et_pb_divider show_divider=\u00a0\u00bboff\u00a0\u00bb _builder_version=\u00a0\u00bb4.22.2&Prime; _module_preset=\u00a0\u00bbdefault\u00a0\u00bb global_colors_info=\u00a0\u00bb{}\u00a0\u00bb][\/et_pb_divider][et_pb_text admin_label=\u00a0\u00bbr\u00e9sidence artiste \u00e9mergents\u00a0\u00bb _builder_version=\u00a0\u00bb4.27.6&Prime; _module_preset=\u00a0\u00bbdefault\u00a0\u00bb hover_enabled=\u00a0\u00bb0&Prime; global_colors_info=\u00a0\u00bb{}\u00a0\u00bb sticky_enabled=\u00a0\u00bb0&Prime;]<\/p>\n<p><a href=\"https:\/\/www.loreillemusclee.com\/wp-content\/uploads\/2026\/01\/seance-video-clip-dartiste-pour-15-a-29-ans-canadiens-dans-un-espace-avec-14-pieds-hauteur-de-plafond-videaste-coach-camera-eclairages-et-accessoires1.jpg\"><img loading=\"lazy\" decoding=\"async\" class=\"wp-image-24172 alignnone \" src=\"https:\/\/www.loreillemusclee.com\/wp-content\/uploads\/2026\/01\/seance-video-clip-dartiste-pour-15-a-29-ans-canadiens-dans-un-espace-avec-14-pieds-hauteur-de-plafond-videaste-coach-camera-eclairages-et-accessoires1-300x177.jpg\" alt=\"\" width=\"451\" height=\"266\" \/><\/a><\/p>\n<div class=\"xdj266r x14z9mp xat24cr x1lziwak x1vvkbs\">\n<p><strong>Nouvelle \u00e9quipe en r\u00e9sidence \u00e0 L\u2019Oreille Muscl\u00e9e Centre Musical<\/strong><br \/>D\u00e8s janvier, nous accueillons une \u00e9quipe multidisciplinaire en r\u00e9sidence d\u00e9di\u00e9e aux artistes \u00e9mergents, groupes amateurs et artistes confirm\u00e9s.<br \/>\ud83c\udfa7 Enregistrement &amp; mixage<br \/>\u270d\ufe0f \u00c9criture cr\u00e9ative &amp; inspiration<br \/>\ud83c\udfa4 Coaching vocal (technique, interpr\u00e9tation, auditions)<br \/>\ud83c\udfad Coaching sc\u00e9nique (performance, pr\u00e9sence)<br \/>\ud83c\udfa5 Vid\u00e9o, montage &amp; effets son-image<br \/>Objectif : vous accompagner dans la cr\u00e9ation de vos outils de promotion et de vitrine professionnelle<br \/>D\u00e9mo | Shorts Instagram &amp; Facebook | Vid\u00e9os YouTube | et plus encore<br \/>Sur rendez-vous<\/p>\n<\/div>\n<div class=\"x14z9mp xat24cr x1lziwak x1vvkbs xtlvy1s\">Inscription via notre site web ou contactez-nous pour plus d&rsquo;infos <a href=\"https:\/\/www.loreillemusclee.com\/nous-joindre\/\">Contact<\/a><\/div>\n<p>\ud83d\udd17 <a href=\"https:\/\/www.loreillemusclee.com\/entrevue-de-projet-musical-artistique\/\">R\u00e9servation<\/a><\/p>\n<p>[\/et_pb_text][et_pb_divider show_divider=\u00a0\u00bboff\u00a0\u00bb _builder_version=\u00a0\u00bb4.22.2&Prime; _module_preset=\u00a0\u00bbdefault\u00a0\u00bb global_colors_info=\u00a0\u00bb{}\u00a0\u00bb][\/et_pb_divider][\/et_pb_column][\/et_pb_row][\/et_pb_section][et_pb_section fb_built=\u00a0\u00bb1&Prime; _builder_version=\u00a0\u00bb4.22.2&Prime; _module_preset=\u00a0\u00bbdefault\u00a0\u00bb global_colors_info=\u00a0\u00bb{}\u00a0\u00bb][et_pb_row _builder_version=\u00a0\u00bb4.22.2&Prime; _module_preset=\u00a0\u00bbdefault\u00a0\u00bb global_colors_info=\u00a0\u00bb{}\u00a0\u00bb][et_pb_column type=\u00a0\u00bb4_4&Prime; _builder_version=\u00a0\u00bb4.22.2&Prime; _module_preset=\u00a0\u00bbdefault\u00a0\u00bb global_colors_info=\u00a0\u00bb{}\u00a0\u00bb][et_pb_divider show_divider=\u00a0\u00bboff\u00a0\u00bb _builder_version=\u00a0\u00bb4.22.2&Prime; _module_preset=\u00a0\u00bbdefault\u00a0\u00bb global_colors_info=\u00a0\u00bb{}\u00a0\u00bb][\/et_pb_divider][et_pb_text admin_label=\u00a0\u00bbTour du monde en percussion\u00a0\u00bb _builder_version=\u00a0\u00bb4.27.6&Prime; _module_preset=\u00a0\u00bbdefault\u00a0\u00bb global_colors_info=\u00a0\u00bb{}\u00a0\u00bb]<\/p>\n<div style=\"float: right; width: 360px; margin: 0 0 15px 15px;\">\n<p><iframe loading=\"lazy\" src=\"https:\/\/www.youtube.com\/embed\/s8k_IONBtaQ\" width=\"360\" height=\"203\" frameborder=\"0\" allowfullscreen=\"allowfullscreen\"><\/p>\n<p>&nbsp;<\/p>\n<p>&nbsp;<\/p>\n<p>&nbsp;<\/p>\n<p><\/iframe><\/p>\n<\/div>\n<h5><strong>Tour du monde en percussion \u00e0 L\u2019Oreille Muscl\u00e9e Centre Musical<\/strong><\/h5>\n<div class=\"xdj266r x14z9mp xat24cr x1lziwak x1vvkbs\">\n<p><strong data-start=\"101\" data-end=\"181\">Message important: (samedi 31 janvier) cet atelier est report\u00e9 au 21 f\u00e9vrier<\/strong><br data-start=\"181\" data-end=\"184\" \/>\u00c9meric, percussionniste et batteur,\u00a0 propose un atelier gratuit pour ados et adultes. Ouvert \u00e0 tous les niveaux.<\/p>\n<\/div>\n<div class=\"x14z9mp xat24cr x1lziwak x1vvkbs xtlvy1s\">Inscription via notre site web ou contactez-nous pour plus d&rsquo;infos <a href=\"https:\/\/www.loreillemusclee.com\/nous-joindre\/\">Contact<\/a><\/div>\n<p>&nbsp;<\/p>\n<p>[\/et_pb_text][et_pb_divider show_divider=\u00a0\u00bboff\u00a0\u00bb _builder_version=\u00a0\u00bb4.22.2&Prime; _module_preset=\u00a0\u00bbdefault\u00a0\u00bb global_colors_info=\u00a0\u00bb{}\u00a0\u00bb][\/et_pb_divider][et_pb_text admin_label=\u00a0\u00bb\u00c9veil musical 0-6 ans\u00a0\u00bb _builder_version=\u00a0\u00bb4.27.4&Prime; _module_preset=\u00a0\u00bbdefault\u00a0\u00bb global_colors_info=\u00a0\u00bb{}\u00a0\u00bb]<\/p>\n<p><a href=\"https:\/\/www.loreillemusclee.com\/wp-content\/uploads\/2025\/09\/eveil-lomcm.jpg\"><img loading=\"lazy\" decoding=\"async\" class=\"wp-image-23552 alignnone size-medium\" src=\"https:\/\/www.loreillemusclee.com\/wp-content\/uploads\/2025\/09\/eveil-lomcm-300x200.jpg\" alt=\"\" width=\"300\" height=\"200\" \/><\/a><\/p>\n<div class=\"xdj266r x14z9mp xat24cr x1lziwak x1vvkbs\">D\u00e8s 29 septembre _ Les ateliers d\u2019\u00c9veil musical pour Tout-Petits de 0 \u00e0 2 ans et de 3 \u00e0 6 ans et leurs Parents d\u00e9buteront \u00e0 L\u2019Oreille Muscl\u00e9e Centre Musical.<\/div>\n<div class=\"x14z9mp xat24cr x1lziwak x1vvkbs xtlvy1s\">Un premier contact avec la musique dans un cadre ludique et stimulant.<\/div>\n<div class=\"x14z9mp xat24cr x1lziwak x1vvkbs xtlvy1s\">Inscription via notre site web ou contactez-nous pour plus d&rsquo;infos <a href=\"https:\/\/www.loreillemusclee.com\/nous-joindre\/\">Contact<\/a><\/div>\n<p>\ud83d\udd17 <a href=\"https:\/\/www.loreillemusclee.com\/reservation\/\">R\u00e9servation<\/a><\/p>\n<p>[\/et_pb_text][et_pb_divider show_divider=\u00a0\u00bboff\u00a0\u00bb _builder_version=\u00a0\u00bb4.22.2&Prime; _module_preset=\u00a0\u00bbdefault\u00a0\u00bb global_colors_info=\u00a0\u00bb{}\u00a0\u00bb][\/et_pb_divider][et_pb_text admin_label=\u00a0\u00bbcHANT 4 \u00c0 6 SEMAINES\u00a0\u00bb _builder_version=\u00a0\u00bb4.27.4&Prime; _module_preset=\u00a0\u00bbdefault\u00a0\u00bb global_colors_info=\u00a0\u00bb{}\u00a0\u00bb]<\/p>\n<p><a href=\"https:\/\/www.loreillemusclee.com\/wp-content\/uploads\/2025\/06\/Acces-5-e-7-karaoke-2025-06-01-111131.png\"><img loading=\"lazy\" decoding=\"async\" class=\"wp-image-22964 alignnone size-medium\" src=\"https:\/\/www.loreillemusclee.com\/wp-content\/uploads\/2025\/06\/Acces-5-e-7-karaoke-2025-06-01-111131-300x214.png\" alt=\"Participez \u00e0 la campagne solidaire de l'Oreille Muscl\u00e9e Centre Musical\" width=\"300\" height=\"214\" \/><\/a><\/p>\n<p><strong>Offres estivales \u2013 Vocal Gym &amp; Karaok\u00e9<\/strong><br \/>Cet \u00e9t\u00e9, explorez nos cours de chant, d\u2019expression libre et nos ateliers karaok\u00e9 dans une ambiance ludique et inclusive !<br \/>Offres pour tous les \u00e2ges \u2013 de juillet \u00e0 ao\u00fbt \u2013 en solo, en duo ou en petits groupes.<br \/>Inscrivez-vous via notre campagne La Ruche et soutenez un projet musical local vibrant !<\/p>\n<p>\ud83d\udd17 <a href=\"https:\/\/laruchequebec.com\/projects\/vocal-gym-karaoke\">laruchequebec.com\/projects\/vocal-gym-karaoke<\/a><\/p>\n<p>&nbsp;<\/p>\n<p>[\/et_pb_text][et_pb_divider show_divider=\u00a0\u00bboff\u00a0\u00bb _builder_version=\u00a0\u00bb4.22.2&Prime; _module_preset=\u00a0\u00bbdefault\u00a0\u00bb global_colors_info=\u00a0\u00bb{}\u00a0\u00bb][\/et_pb_divider][et_pb_text admin_label=\u00a0\u00bbcHANT 4 \u00c0 6 SEMAINES\u00a0\u00bb _builder_version=\u00a0\u00bb4.27.4&Prime; _module_preset=\u00a0\u00bbdefault\u00a0\u00bb global_colors_info=\u00a0\u00bb{}\u00a0\u00bb]<\/p>\n<p>\u00a0<a href=\"https:\/\/www.loreillemusclee.com\/wp-content\/uploads\/2025\/05\/AdobeStock_43633885_Preview-1-e1747235935969.jpeg\"><img loading=\"lazy\" decoding=\"async\" class=\"wp-image-22857 alignnone size-medium\" src=\"https:\/\/www.loreillemusclee.com\/wp-content\/uploads\/2025\/05\/AdobeStock_43633885_Preview-1-e1747235935969-203x300.jpeg\" alt=\"\" width=\"203\" height=\"300\" srcset=\"https:\/\/www.loreillemusclee.com\/wp-content\/uploads\/2025\/05\/AdobeStock_43633885_Preview-1-e1747235935969-203x300.jpeg 203w, https:\/\/www.loreillemusclee.com\/wp-content\/uploads\/2025\/05\/AdobeStock_43633885_Preview-1-e1747235935969-8x12.jpeg 8w, https:\/\/www.loreillemusclee.com\/wp-content\/uploads\/2025\/05\/AdobeStock_43633885_Preview-1-e1747235935969-409x603.jpeg 409w, https:\/\/www.loreillemusclee.com\/wp-content\/uploads\/2025\/05\/AdobeStock_43633885_Preview-1-e1747235935969.jpeg 632w\" sizes=\"(max-width: 203px) 100vw, 203px\" \/><\/a><\/p>\n<p><strong>Programme de Chant _ 4 \u00e0 6 semaines &amp; Enregistre ta chanson _ sur rendez-vous \u00e0 notre studio \u00e0 Lachine<\/strong><\/p>\n<blockquote>\n<p><a href=\"https:\/\/www.loreillemusclee.com\/cours-de-chant\/\"><strong>CHANTEURS ET CHANTEUSES <\/strong><\/a><\/p>\n<div class=\"x11i5rnm xat24cr x1mh8g0r x1vvkbs xtlvy1s\">Notre <strong data-start=\"428\" data-end=\"469\">programme de chant sur 4 \u00e0 6 semaines<\/strong> est con\u00e7u pour t\u2019aider \u00e0 progresser concr\u00e8tement, que tu sois d\u00e9butant\u00b7e ou que tu aies d\u00e9j\u00e0 une petite exp\u00e9rience vocale.<\/div>\n<h5><a href=\"https:\/\/www.loreillemusclee.com\/cours-de-chant\/\"><strong>En savoir plus &#8230;<\/strong><\/a><\/h5>\n<\/blockquote>\n<p>[\/et_pb_text][et_pb_divider show_divider=\u00a0\u00bboff\u00a0\u00bb _builder_version=\u00a0\u00bb4.22.2&Prime; _module_preset=\u00a0\u00bbdefault\u00a0\u00bb global_colors_info=\u00a0\u00bb{}\u00a0\u00bb][\/et_pb_divider][et_pb_text admin_label=\u00a0\u00bbSession enregistrement\u00a0\u00bb _builder_version=\u00a0\u00bb4.27.4&Prime; _module_preset=\u00a0\u00bbdefault\u00a0\u00bb global_colors_info=\u00a0\u00bb{}\u00a0\u00bb]<\/p>\n<p><a href=\"https:\/\/www.loreillemusclee.com\/wp-content\/uploads\/2025\/04\/IMG_1216-scaled.jpg\"><img loading=\"lazy\" decoding=\"async\" class=\"wp-image-22663 alignnone size-medium\" src=\"https:\/\/www.loreillemusclee.com\/wp-content\/uploads\/2025\/04\/IMG_1216-300x225.jpg\" alt=\"\" width=\"300\" height=\"225\" \/><\/a> <a href=\"https:\/\/www.loreillemusclee.com\/wp-content\/uploads\/2025\/04\/IMG_1546-scaled.jpg\"><img loading=\"lazy\" decoding=\"async\" class=\"wp-image-22664 alignnone size-medium\" src=\"https:\/\/www.loreillemusclee.com\/wp-content\/uploads\/2025\/04\/IMG_1546-300x225.jpg\" alt=\"\" width=\"300\" height=\"225\" \/><\/a><\/p>\n<p><strong>Dates : du 19 avril au 25 mai _ samedis et dimanches _ sur rendez-vous \u00e0 notre studio \u00e0 Lachine<\/strong><\/p>\n<blockquote>\n<p><a href=\"https:\/\/www.loreillemusclee.com\/session-denregistrement-en-solo-ou-en-groupe-montreal-lachine\/\"><strong>SOLO | DUO | GROUPE<\/strong><\/a><\/p>\n<div class=\"x11i5rnm xat24cr x1mh8g0r x1vvkbs xtlvy1s\">Pr\u00eat(e) \u00e0 enregistrer ton prochain SON? Nos studios tout \u00e9quip\u00e9s sont ouverts aux musicien(ne)s de tous styles, en solo, en duo ou avec ton groupe.<\/div>\n<h5><a href=\"https:\/\/www.loreillemusclee.com\/session-denregistrement-en-solo-ou-en-groupe-montreal-lachine\/\"><strong>En savoir plus &#8230;<\/strong><\/a><\/h5>\n<\/blockquote>\n<p>[\/et_pb_text][et_pb_divider show_divider=\u00a0\u00bboff\u00a0\u00bb _builder_version=\u00a0\u00bb4.22.2&Prime; _module_preset=\u00a0\u00bbdefault\u00a0\u00bb global_colors_info=\u00a0\u00bb{}\u00a0\u00bb][\/et_pb_divider][et_pb_text admin_label=\u00a0\u00bbWeek-end d&rsquo;\u00e9criture cr\u00e9ative\u00a0\u00bb _builder_version=\u00a0\u00bb4.27.4&Prime; _module_preset=\u00a0\u00bbdefault\u00a0\u00bb global_colors_info=\u00a0\u00bb{}\u00a0\u00bb]<\/p>\n<p><a href=\"https:\/\/www.loreillemusclee.com\/wp-content\/uploads\/2025\/04\/Un-week-end-decriture-de-texte-de-chansons-avec-des-aspirants-auteur-compositeur-interprete-qui-jouent-un-instrument-de-musique-offert-par-Francis-lanimateur-dynamique-sur-cette-photo-scaled.jpg\"><img loading=\"lazy\" decoding=\"async\" class=\"wp-image-22337 alignnone size-medium\" src=\"https:\/\/www.loreillemusclee.com\/wp-content\/uploads\/2025\/04\/Un-week-end-decriture-de-texte-de-chansons-avec-des-aspirants-auteur-compositeur-interprete-qui-jouent-un-instrument-de-musique-offert-par-Francis-lanimateur-dynamique-sur-cette-photo-300x170.jpg\" alt=\"\" width=\"300\" height=\"170\" \/><\/a><\/p>\n<p><strong>Dates : 10 &amp; 11 mai 2025 \u00e0 notre studio \u00e0 Lachine<\/strong><\/p>\n<blockquote>\n<p><a href=\"https:\/\/www.loreillemusclee.com\/cours-decriture-creative\/\"><strong>Week-end d\u2019\u00e9criture cr\u00e9ative dans un contexte de chanson avec Frizz auteur-compositeur-interpr\u00e8te professionnel<\/strong><\/a><\/p>\n<p><span class=\"x193iq5w xeuugli x13faqbe x1vvkbs x1xmvt09 x1lliihq x1s928wv xhkezso x1gmr53x x1cpjm7i x1fgarty x1943h6x xudqn12 x3x7a5m x6prxxf xvq8zen xo1l8bm xzsf02u\" dir=\"auto\" lang=\"fr\">Apr\u00e8s ce cours, tu repartiras avec : une chanson compl\u00e8te (ou presque), des outils concrets pour continuer \u00e0 \u00e9crire ainsi qu\u2019un certificat cadeau pour enregistrer ta chanson \u00e0 une date ult\u00e9rieure, dans notre studio.<\/span><\/p>\n<h5><a href=\"https:\/\/www.loreillemusclee.com\/cours-decriture-creative\/\"><strong>En savoir plus &#8230;<\/strong><\/a><\/h5>\n<\/blockquote>\n<p>[\/et_pb_text][et_pb_divider show_divider=\u00a0\u00bboff\u00a0\u00bb _builder_version=\u00a0\u00bb4.22.2&Prime; _module_preset=\u00a0\u00bbdefault\u00a0\u00bb global_colors_info=\u00a0\u00bb{}\u00a0\u00bb][\/et_pb_divider][et_pb_text admin_label=\u00a0\u00bbRel\u00e2che 3 au 6 mars &#8211; Lachine &#8211; Ateliers Enfants et Adultes\u00a0\u00bb _builder_version=\u00a0\u00bb4.27.4&Prime; _module_preset=\u00a0\u00bbdefault\u00a0\u00bb global_colors_info=\u00a0\u00bb{}\u00a0\u00bb]<\/p>\n<p><a href=\"https:\/\/www.loreillemusclee.com\/wp-content\/uploads\/2025\/02\/Untitled-design.png\"><img loading=\"lazy\" decoding=\"async\" class=\"wp-image-21873 alignnone size-medium\" src=\"https:\/\/www.loreillemusclee.com\/wp-content\/uploads\/2025\/02\/Untitled-design-300x251.png\" alt=\"\" width=\"300\" height=\"251\" \/><\/a><\/p>\n<p>Date : 3 au 6 mars 2025 \/ Lachine &#8211; Enfants, Parents-enfants et Adultes<\/p>\n<blockquote>\n<p>Profitez-en! Offert chaque jour. <strong>Introductions aux instruments de musique et aux chants dans le cadre d&rsquo;ateliers musicaux dynamiques<\/strong> !<\/p>\n<p data-start=\"403\" data-end=\"439\">\ud83c\udfb5 <strong data-start=\"406\" data-end=\"435\">Instruments &amp; disciplines<\/strong> : <strong data-start=\"442\" data-end=\"467\">Batterie \/ Percussion<\/strong> \ud83e\udd41 <strong data-start=\"475\" data-end=\"496\">Guitare \/ Ukul\u00e9l\u00e9<\/strong> \ud83c\udfb8<strong data-start=\"504\" data-end=\"513\"> Chant<\/strong> \ud83c\udfa4 <strong data-start=\"521\" data-end=\"530\">Piano<\/strong> \ud83c\udfb9 <strong data-start=\"538\" data-end=\"549\">Chorale<\/strong> \ud83c\udfb6 <strong data-start=\"557\" data-end=\"566\">Djing<\/strong> \ud83c\udfa7 <strong data-start=\"574\" data-end=\"598\">R\u00e9pertoire en groupe<\/strong> \ud83c\udfbc<\/p>\n<p>Pour toute question ou inscription, <a href=\"https:\/\/www.loreillemusclee.com\/nous-joindre\/\">contactez-nous<\/a> ! Merci<\/p>\n<\/blockquote>\n<p>[\/et_pb_text][et_pb_divider show_divider=\u00a0\u00bboff\u00a0\u00bb _builder_version=\u00a0\u00bb4.22.2&Prime; _module_preset=\u00a0\u00bbdefault\u00a0\u00bb global_colors_info=\u00a0\u00bb{}\u00a0\u00bb][\/et_pb_divider][et_pb_text admin_label=\u00a0\u00bbSpectacle interg\u00e9n\u00e9rationnel\u00a0\u00bb _builder_version=\u00a0\u00bb4.27.4&Prime; _module_preset=\u00a0\u00bbdefault\u00a0\u00bb global_colors_info=\u00a0\u00bb{}\u00a0\u00bb]<\/p>\n<p><a href=\"https:\/\/www.loreillemusclee.com\/wp-content\/uploads\/2025\/02\/2Activite-spectacle-multigeneraltionnel-2025-02-09-140016.png\"><img loading=\"lazy\" decoding=\"async\" class=\"wp-image-21961 alignnone size-medium\" src=\"https:\/\/www.loreillemusclee.com\/wp-content\/uploads\/2025\/02\/2Activite-spectacle-multigeneraltionnel-2025-02-09-140016-300x119.png\" alt=\"\" width=\"300\" height=\"119\" \/><\/a><\/p>\n<p>Date : 6 mars 2025<\/p>\n<blockquote>\n<p>L\u2019Oreille Muscl\u00e9e pr\u00e9pare un <strong data-start=\"150\" data-end=\"182\" data-is-only-node=\"\">spectacle interg\u00e9n\u00e9rationnel<\/strong> r\u00e9unissant enfants, adultes et a\u00een\u00e9s autour de la musique. Une <strong data-start=\"246\" data-end=\"273\">rencontre d\u2019information<\/strong> aura lieu le <strong data-start=\"287\" data-end=\"302\">6 mars 2025<\/strong> pour d\u00e9couvrir le projet et vous inscrire ! \ud83c\udfa4\ud83c\udfbb\ud83c\udfb9<\/p>\n<p>Pour toute question ou inscription, <a href=\"https:\/\/www.loreillemusclee.com\/nous-joindre\/\">contactez-nous<\/a> ! Merci<\/p>\n<\/blockquote>\n<p>[\/et_pb_text][et_pb_divider show_divider=\u00a0\u00bboff\u00a0\u00bb _builder_version=\u00a0\u00bb4.27.4&Prime; _module_preset=\u00a0\u00bbdefault\u00a0\u00bb global_colors_info=\u00a0\u00bb{}\u00a0\u00bb][\/et_pb_divider][et_pb_text admin_label=\u00a0\u00bb10 octobre 2023 les sessions d&rsquo;enregistrement lanc\u00e9es par une nouvelle \u00e9quipe\u00a0\u00bb _builder_version=\u00a0\u00bb4.27.0&Prime; _module_preset=\u00a0\u00bbdefault\u00a0\u00bb global_colors_info=\u00a0\u00bb{}\u00a0\u00bb]<\/p>\n<p><a href=\"https:\/\/www.loreillemusclee.com\/wp-content\/uploads\/2024\/09\/IMG_1154.png\"><img loading=\"lazy\" decoding=\"async\" class=\"alignnone wp-image-20675 size-medium\" src=\"https:\/\/www.loreillemusclee.com\/wp-content\/uploads\/2024\/09\/IMG_1154-300x247.png\" alt=\"\" width=\"300\" height=\"247\" \/><\/a><\/p>\n<p>Date : 9 septembre 2024<\/p>\n<blockquote>\n<p style=\"text-align: left;\">Une nouvelle \u00e9quipe, en technique de son, travaille \u00e0 am\u00e9liorer l&rsquo;acoustique des studios. Cet automne, elle est pr\u00eate \u00e0 accueillir des groupes de musiciens. Ceux-ci peuvent recevoir sur place, de l&rsquo;assistance technique tout au long du processus d&rsquo;enregistrement de leur projet d&rsquo;album. <a href=\"https:\/\/www.loreillemusclee.com\/session-denregistrement-en-solo-ou-en-groupe-montreal-lachine\/\">Pour plus d&rsquo;info. Cliquer.<\/a><\/p>\n<\/blockquote>\n<p>[\/et_pb_text][et_pb_divider show_divider=\u00a0\u00bboff\u00a0\u00bb _builder_version=\u00a0\u00bb4.22.2&Prime; _module_preset=\u00a0\u00bbdefault\u00a0\u00bb global_colors_info=\u00a0\u00bb{}\u00a0\u00bb][\/et_pb_divider][et_pb_text admin_label=\u00a0\u00bb1 juin 2023 concert des \u00e9l\u00e8ves\u00a0\u00bb _builder_version=\u00a0\u00bb4.22.2&Prime; _module_preset=\u00a0\u00bbdefault\u00a0\u00bb global_colors_info=\u00a0\u00bb{}\u00a0\u00bb]<\/p>\n<p><a href=\"https:\/\/www.loreillemusclee.com\/wp-content\/uploads\/2023\/10\/concert-eleves-1-juin-2023-093549.jpg\"><img loading=\"lazy\" decoding=\"async\" class=\"wp-image-19814 alignnone \" src=\"https:\/\/www.loreillemusclee.com\/wp-content\/uploads\/2023\/10\/concert-eleves-1-juin-2023-093549-300x204.jpg\" alt=\"\" width=\"300\" height=\"204\" \/><\/a><\/p>\n<p>Date: 1 juin 2023<\/p>\n<blockquote>\n<p style=\"text-align: left;\">Les \u00e9l\u00e8ves des cours de musique \u00e0 L&rsquo;OMCM, pr\u00e9sente un magnifique concert \u00e0 leurs proches.<\/p>\n<p>&nbsp;<\/p>\n<\/blockquote>\n<p>[\/et_pb_text][et_pb_divider show_divider=\u00a0\u00bboff\u00a0\u00bb _builder_version=\u00a0\u00bb4.22.2&Prime; _module_preset=\u00a0\u00bbdefault\u00a0\u00bb global_colors_info=\u00a0\u00bb{}\u00a0\u00bb][\/et_pb_divider][\/et_pb_column][\/et_pb_row][\/et_pb_section]<\/p>\n","protected":false},"excerpt":{"rendered":"<p>Nouvelles Nouvelle \u00e9quipe en r\u00e9sidence \u00e0 L\u2019Oreille Muscl\u00e9e Centre MusicalD\u00e8s janvier, nous accueillons une \u00e9quipe multidisciplinaire en r\u00e9sidence d\u00e9di\u00e9e aux artistes \u00e9mergents, groupes amateurs et artistes confirm\u00e9s.\ud83c\udfa7 Enregistrement &amp; mixage\u270d\ufe0f \u00c9criture cr\u00e9ative &amp; inspiration\ud83c\udfa4 Coaching vocal (technique, interpr\u00e9tation, auditions)\ud83c\udfad Coaching sc\u00e9nique (performance, pr\u00e9sence)\ud83c\udfa5 Vid\u00e9o, montage &amp; effets son-imageObjectif : vous accompagner dans la cr\u00e9ation de [&hellip;]<\/p>\n","protected":false},"author":1,"featured_media":2900,"parent":0,"menu_order":0,"comment_status":"closed","ping_status":"closed","template":"","meta":{"_et_pb_use_builder":"on","_et_pb_old_content":"","_et_gb_content_width":"","footnotes":""},"class_list":["post-19756","page","type-page","status-publish","has-post-thumbnail","hentry"],"_links":{"self":[{"href":"https:\/\/www.loreillemusclee.com\/en\/wp-json\/wp\/v2\/pages\/19756","targetHints":{"allow":["GET"]}}],"collection":[{"href":"https:\/\/www.loreillemusclee.com\/en\/wp-json\/wp\/v2\/pages"}],"about":[{"href":"https:\/\/www.loreillemusclee.com\/en\/wp-json\/wp\/v2\/types\/page"}],"author":[{"embeddable":true,"href":"https:\/\/www.loreillemusclee.com\/en\/wp-json\/wp\/v2\/users\/1"}],"replies":[{"embeddable":true,"href":"https:\/\/www.loreillemusclee.com\/en\/wp-json\/wp\/v2\/comments?post=19756"}],"version-history":[{"count":68,"href":"https:\/\/www.loreillemusclee.com\/en\/wp-json\/wp\/v2\/pages\/19756\/revisions"}],"predecessor-version":[{"id":24511,"href":"https:\/\/www.loreillemusclee.com\/en\/wp-json\/wp\/v2\/pages\/19756\/revisions\/24511"}],"wp:featuredmedia":[{"embeddable":true,"href":"https:\/\/www.loreillemusclee.com\/en\/wp-json\/wp\/v2\/media\/2900"}],"wp:attachment":[{"href":"https:\/\/www.loreillemusclee.com\/en\/wp-json\/wp\/v2\/media?parent=19756"}],"curies":[{"name":"wp","href":"https:\/\/api.w.org\/{rel}","templated":true}]}}